{"id":18,"date":"2025-12-21T17:48:48","date_gmt":"2025-12-21T22:48:48","guid":{"rendered":"https:\/\/concertationlogement.org\/?page_id=18"},"modified":"2026-08-27T09:38:44","modified_gmt":"2026-08-27T13:38:44","slug":"18-2","status":"publish","type":"page","link":"https:\/\/concertationlogement.org\/","title":{"rendered":"landing page"},"content":{"rendered":"\n<style data-wp-block-html=\"css\">\n:root {\n  --blue: #2B3954;\n  --blue-dark: #2B3954;\n  --green: #7CB345;\n  --green-dark: #7CB345;\n  --green-light: #DFE9D7;\n  --white: #FBFCFB;\n  --bg: #FBFCFB;\n  --text: #474747;\n  --muted: #474747;\n  --border: #DFE9D7;\n  --shadow: 0 10px 28px rgba(43, 57, 84, 0.10);\n  --radius: 16px;\n  --max-width: 1180px;\n}\n\n* {\n  box-sizing: border-box;\n}\n\nhtml {\n  scroll-behavior: smooth;\n  margin: 0;\n  padding: 0;\n}\n\nhtml,\nbody {\n  margin: 0 !important;\n  padding: 0 !important;\n}\n\nbody {\n  font-family: \"Nimbus Sans\", Arial, Helvetica, sans-serif;\n  color: var(--text);\n  background: var(--bg);\n  line-height: 1.6;\n  overflow-x: hidden;\n}\n\nbody > *:first-child {\n  margin-top: 0 !important;\n}\n\nh1,\nh2,\nh3,\n.section-title {\n  font-family: \"Montserrat Arabic\", \"Montserrat\", Arial, Helvetica, sans-serif;\n}\n\nimg {\n  max-width: 100%;\n  display: block;\n}\n\na {\n  text-decoration: none;\n  color: inherit;\n}\n\nbutton,\ninput,\ntextarea {\n  font: inherit;\n}\n\n.container {\n  width: 92%;\n  max-width: var(--max-width);\n  margin: 0 auto;\n}\n\n.section {\n  padding: 80px 0;\n}\n\n.section-alt {\n  background: var(--green-light);\n}\n\n.section-title {\n  font-size: 2rem;\n  color: var(--blue);\n  margin: 0 0 30px;\n  position: relative;\n  display: inline-block;\n  font-weight: 600;\n}\n\n.section-title::after {\n  content: \"\";\n  display: block;\n  width: 70px;\n  height: 4px;\n  background: var(--green);\n  border-radius: 999px;\n  margin-top: 10px;\n}\n\n.section-intro {\n  max-width: 850px;\n  color: var(--muted);\n  margin-top: -12px;\n  margin-bottom: 35px;\n  font-size: 1.05rem;\n}\n\n.site-header {\n  position: sticky;\n  top: 0;\n  z-index: 999;\n  width: 100%;\n  margin: 0 !important;\n  padding: 0 !important;\n  background: rgba(251, 252, 251, 0.98);\n  border-bottom: 1px solid var(--border);\n  backdrop-filter: blur(8px);\n  -webkit-backdrop-filter: blur(8px);\n}\n\n.nav-wrap {\n  display: flex;\n  align-items: center;\n  justify-content: space-between;\n  gap: 30px;\n  min-height: 0;\n  margin: 0 auto;\n  padding: 12px 0 10px;\n}\n\n.brand {\n  display: flex;\n  flex-direction: column;\n  justify-content: center;\n  flex-shrink: 0;\n  margin: 0;\n  padding: 0;\n}\n\n.brand-logo {\n  display: block;\n  width: 200px;\n  height: auto;\n  max-height: 62px;\n  margin: 0;\n  padding: 0;\n  object-fit: contain;\n  object-position: left center;\n}\n\n.brand-subtitle {\n  display: block;\n  margin: 3px 0 0;\n  padding: 0;\n  font-size: 0.78rem;\n  color: var(--text);\n  line-height: 1.25;\n}\n\n.nav {\n  display: flex;\n  flex-wrap: wrap;\n  align-items: center;\n  justify-content: flex-end;\n  gap: 18px;\n  margin: 0;\n  padding: 0;\n}\n\n.nav a {\n  color: var(--text);\n  font-size: 0.95rem;\n  font-weight: 500;\n  padding: 6px 0;\n  margin: 0;\n  transition: color 0.2s ease;\n}\n\n.nav a:hover {\n  color: var(--green);\n}\n\n.btn {\n  display: inline-block;\n  border: 0;\n  cursor: pointer;\n  background: var(--green);\n  color: var(--white);\n  padding: 13px 22px;\n  border-radius: 999px;\n  font-family: \"Montserrat Arabic\", \"Montserrat\", Arial, sans-serif;\n  font-weight: 600;\n  font-size: 0.98rem;\n  transition:\n    transform 0.2s ease,\n    background 0.2s ease,\n    color 0.2s ease,\n    box-shadow 0.2s ease;\n}\n\n.btn:hover {\n  background: var(--blue);\n  color: var(--white);\n  transform: translateY(-2px);\n  box-shadow: 0 8px 20px rgba(43, 57, 84, 0.18);\n}\n\n.btn-outline {\n  background: transparent;\n  border: 2px solid var(--white);\n  color: var(--white);\n}\n\n.btn-outline:hover {\n  background: var(--white);\n  color: var(--blue);\n}\n\n.hero {\n  background:\n    linear-gradient(\n      120deg,\n      rgba(43, 57, 84, 0.94),\n      rgba(43, 57, 84, 0.88),\n      rgba(124, 179, 69, 0.82)\n    ),\n    url(\"https:\/\/images.unsplash.com\/photo-1484154218962-a197022b5858?auto=format&fit=crop&w=1400&q=80\")\n    center \/ cover no-repeat;\n  color: var(--white);\n  padding: 100px 0 110px;\n}\n\n.hero-grid {\n  display: grid;\n  grid-template-columns: 1.2fr 0.8fr;\n  gap: 40px;\n  align-items: center;\n}\n\n.hero h1 {\n  margin: 0 0 18px;\n  font-size: 3rem;\n  line-height: 1.15;\n  color: var(--white);\n  font-weight: 600;\n}\n\n.hero p {\n  font-size: 1.1rem;\n  max-width: 700px;\n  margin: 0 0 28px;\n  color: rgba(251, 252, 251, 0.96);\n}\n\n.hero-actions {\n  display: flex;\n  flex-wrap: wrap;\n  gap: 14px;\n}\n\n.hero-card {\n  background: rgba(251, 252, 251, 0.14);\n  border: 1px solid rgba(251, 252, 251, 0.25);\n  border-radius: 20px;\n  padding: 28px;\n  box-shadow: var(--shadow);\n  backdrop-filter: blur(5px);\n  -webkit-backdrop-filter: blur(5px);\n}\n\n.hero-stats {\n  display: grid;\n  gap: 16px;\n}\n\n.stat-box {\n  background: rgba(251, 252, 251, 0.15);\n  border-radius: 18px;\n  padding: 20px;\n  border: 1px solid rgba(251, 252, 251, 0.22);\n}\n\n.stat-number {\n  font-family: \"Montserrat Arabic\", \"Montserrat\", Arial, sans-serif;\n  font-size: 2rem;\n  font-weight: 700;\n  margin-bottom: 4px;\n  color: var(--white);\n}\n\n.stat-label {\n  font-size: 0.95rem;\n  color: rgba(251, 252, 251, 0.95);\n}\n\n.card {\n  background: var(--white);\n  border-radius: var(--radius);\n  box-shadow: var(--shadow);\n  border: 1px solid var(--border);\n}\n\n.mission-box {\n  padding: 28px;\n  border-left: 6px solid var(--green);\n  font-size: 1.08rem;\n}\n\n.mandats-grid {\n  display: grid;\n  gap: 18px;\n}\n\n.mandat-item {\n  display: grid;\n  grid-template-columns: 70px 1fr;\n  gap: 18px;\n  align-items: start;\n  padding: 22px;\n}\n\n.mandat-number {\n  width: 42px;\n  height: 42px;\n  border-radius: 50%;\n  background: var(--blue);\n  color: var(--white);\n  display: flex;\n  align-items: center;\n  justify-content: center;\n  font-family: \"Montserrat Arabic\", \"Montserrat\", Arial, sans-serif;\n  font-weight: 700;\n  font-size: 1.1rem;\n  margin-top: 2px;\n}\n\n.mandat-text {\n  font-size: 1rem;\n}\n\n.timeline {\n  display: grid;\n  gap: 22px;\n}\n\n.timeline-item {\n  padding: 24px 24px 24px 28px;\n  border-left: 6px solid var(--green);\n}\n\n.timeline-year {\n  font-family: \"Montserrat Arabic\", \"Montserrat\", Arial, sans-serif;\n  font-size: 1.5rem;\n  font-weight: 700;\n  color: var(--blue);\n  margin-bottom: 10px;\n}\n\n.timeline-subtitle {\n  font-weight: 700;\n  color: var(--blue);\n  margin-bottom: 10px;\n}\n\n.timeline-item ul {\n  margin: 10px 0 0 20px;\n  padding: 0;\n}\n\n.timeline-item li {\n  margin-bottom: 8px;\n}\n\n.members-grid {\n  display: grid;\n  grid-template-columns: repeat(auto-fit, minmax(250px, 1fr));\n  gap: 22px;\n}\n\n.member-card {\n  padding: 24px;\n  display: flex;\n  flex-direction: column;\n  height: 100%;\n  transition:\n    transform 0.22s ease,\n    box-shadow 0.22s ease,\n    border-color 0.22s ease;\n}\n\n.member-card:hover {\n  transform: translateY(-6px);\n  border-color: var(--green);\n  box-shadow: 0 16px 34px rgba(43, 57, 84, 0.15);\n}\n\n.member-logo-wrap {\n  height: 115px;\n  display: flex;\n  align-items: center;\n  justify-content: center;\n  margin-bottom: 18px;\n  background: var(--white);\n  border-radius: 12px;\n  padding: 15px;\n  border: 1px solid var(--green-light);\n}\n\n.member-logo {\n  width: auto;\n  max-width: 220px;\n  max-height: 82px;\n  object-fit: contain;\n}\n\n.member-card h3 {\n  font-size: 1.06rem;\n  margin: 0 0 12px;\n  color: var(--blue);\n  line-height: 1.4;\n  font-weight: 600;\n}\n\n.member-card p {\n  color: var(--text);\n  font-size: 0.96rem;\n  margin: 0 0 16px;\n}\n\n.member-link-text {\n  color: var(--green);\n  font-family: \"Montserrat Arabic\", \"Montserrat\", Arial, sans-serif;\n  font-weight: 600;\n  font-size: 0.95rem;\n  margin-top: auto;\n}\n\n.plan-grid {\n  display: grid;\n  gap: 24px;\n}\n\n.plan-card {\n  padding: 26px;\n  border-left: 6px solid var(--blue);\n}\n\n.plan-card h3 {\n  margin-top: 0;\n  color: var(--blue);\n}\n\n.plan-card ul {\n  margin: 0;\n  padding-left: 20px;\n}\n\n.plan-card li {\n  margin-bottom: 10px;\n}\n\n.documents-coming {\n  padding: 32px;\n  text-align: center;\n}\n\n.documents-coming strong {\n  display: block;\n  color: var(--blue);\n  font-family: \"Montserrat Arabic\", \"Montserrat\", Arial, sans-serif;\n  font-size: 1.2rem;\n  margin-bottom: 6px;\n}\n\n.documents-coming span {\n  color: var(--text);\n}\n\n.quote-section {\n  background: linear-gradient(\n    135deg,\n    #2B3954 0%,\n    #2B3954 58%,\n    #7CB345 100%\n  );\n  color: var(--white);\n  text-align: center;\n  padding: 70px 0;\n}\n\n.quote-section h2 {\n  margin-top: 0;\n  font-size: 2rem;\n  color: var(--white);\n}\n\n.quote-section p {\n  max-width: 850px;\n  margin: 0 auto 24px;\n  color: rgba(251, 252, 251, 0.96);\n}\n\n.quote-text {\n  font-family: \"Montserrat Arabic\", \"Montserrat\", Arial, sans-serif;\n  font-size: 1.5rem;\n  font-weight: 600;\n  line-height: 1.5;\n  margin-top: 28px;\n}\n\n.quote-source {\n  margin-top: 10px;\n  opacity: 0.9;\n  font-size: 0.95rem;\n}\n\n.contact-grid {\n  display: grid;\n  grid-template-columns: 1fr 1.1fr;\n  gap: 28px;\n  align-items: start;\n}\n\n.contact-card,\n.form-card {\n  padding: 28px;\n}\n\n.contact-list {\n  display: grid;\n  gap: 18px;\n}\n\n.contact-item h3 {\n  margin: 0 0 8px;\n  color: var(--blue);\n  font-size: 1.05rem;\n}\n\n.contact-item p,\n.contact-item a {\n  margin: 0;\n  color: var(--text);\n  font-size: 1rem;\n}\n\n.contact-item a {\n  font-weight: 700;\n  color: var(--blue);\n  word-break: break-word;\n  transition: color 0.2s ease;\n}\n\n.contact-item a:hover {\n  color: var(--green);\n}\n\n.contact-form {\n  display: grid;\n  gap: 14px;\n}\n\n.contact-form label {\n  display: block;\n  font-weight: 700;\n  color: var(--text);\n  font-size: 0.95rem;\n  margin-bottom: 5px;\n}\n\n.contact-form input,\n.contact-form textarea {\n  width: 100%;\n  padding: 14px 15px;\n  border-radius: 12px;\n  border: 1px solid var(--green-light);\n  background: var(--white);\n  color: var(--text);\n  font-size: 1rem;\n  font-family: \"Nimbus Sans\", Arial, Helvetica, sans-serif;\n  transition:\n    border-color 0.2s ease,\n    box-shadow 0.2s ease;\n}\n\n.contact-form input:focus,\n.contact-form textarea:focus {\n  outline: none;\n  border-color: var(--green);\n  box-shadow: 0 0 0 4px rgba(124, 179, 69, 0.15);\n}\n\n.contact-form input::placeholder,\n.contact-form textarea::placeholder {\n  color: rgba(71, 71, 71, 0.65);\n}\n\n.contact-form textarea {\n  resize: vertical;\n  min-height: 150px;\n}\n\n.site-footer {\n  background: var(--blue);\n  color: var(--white);\n  padding: 42px 0;\n}\n\n.footer-grid {\n  display: grid;\n  grid-template-columns: 1.2fr 1fr 1fr;\n  gap: 30px;\n}\n\n.footer-title {\n  color: var(--white);\n  font-size: 1.15rem;\n  margin: 0 0 14px;\n}\n\n.footer-text,\n.footer-links a {\n  color: rgba(251, 252, 251, 0.82);\n  font-size: 0.96rem;\n}\n\n.footer-links {\n  display: grid;\n  gap: 10px;\n}\n\n.footer-links a {\n  transition: color 0.2s ease;\n}\n\n.footer-links a:hover {\n  color: var(--green);\n}\n\n.copyright {\n  border-top: 1px solid rgba(251, 252, 251, 0.15);\n  margin-top: 28px;\n  padding-top: 22px;\n  text-align: center;\n  color: rgba(251, 252, 251, 0.70);\n  font-size: 0.93rem;\n}\n\na:focus-visible,\nbutton:focus-visible,\ninput:focus-visible,\ntextarea:focus-visible {\n  outline: 3px solid var(--green);\n  outline-offset: 3px;\n}\n\n.wp-site-blocks {\n  padding-top: 0 !important;\n  margin-top: 0 !important;\n}\n\n.wp-site-blocks > * {\n  margin-top: 0;\n}\n\n@media (max-width: 1050px) {\n  .nav-wrap {\n    flex-direction: column;\n    align-items: flex-start;\n    gap: 10px;\n    padding: 12px 0;\n  }\n\n  .nav {\n    justify-content: flex-start;\n  }\n}\n\n@media (max-width: 980px) {\n  .hero-grid,\n  .contact-grid,\n  .footer-grid {\n    grid-template-columns: 1fr;\n  }\n\n  .hero h1 {\n    font-size: 2.4rem;\n  }\n\n  .contact-grid {\n    gap: 22px;\n  }\n}\n\n@media (max-width: 760px) {\n  .brand-logo {\n    width: 190px;\n    max-height: 58px;\n  }\n\n  .brand-subtitle {\n    font-size: 0.74rem;\n  }\n\n  .nav {\n    gap: 7px 14px;\n  }\n\n  .nav a {\n    font-size: 0.9rem;\n  }\n\n  .hero {\n    padding: 75px 0 85px;\n  }\n\n  .hero h1 {\n    font-size: 2rem;\n  }\n\n  .hero p {\n    font-size: 1rem;\n  }\n\n  .section {\n    padding: 60px 0;\n  }\n\n  .section-title {\n    font-size: 1.7rem;\n  }\n\n  .mandat-item {\n    grid-template-columns: 1fr;\n  }\n\n  .member-logo-wrap {\n    height: 105px;\n  }\n\n  .quote-text {\n    font-size: 1.25rem;\n  }\n}\n\n@media (max-width: 480px) {\n  .container {\n    width: 90%;\n  }\n\n  .nav-wrap {\n    padding: 10px 0;\n  }\n\n  .brand-logo {\n    width: 175px;\n  }\n\n  .nav {\n    gap: 6px 12px;\n  }\n\n  .nav a {\n    font-size: 0.84rem;\n  }\n\n  .hero h1 {\n    font-size: 1.75rem;\n  }\n\n  .hero-actions {\n    flex-direction: column;\n    align-items: stretch;\n  }\n\n  .hero-actions .btn {\n    text-align: center;\n  }\n\n  .stat-number {\n    font-size: 1.7rem;\n  }\n\n  .members-grid {\n    grid-template-columns: 1fr;\n  }\n\n  .contact-card,\n  .form-card,\n  .plan-card,\n  .mission-box,\n  .timeline-item {\n    padding: 22px;\n  }\n\n  .quote-section {\n    padding: 55px 0;\n  }\n\n  .quote-section h2 {\n    font-size: 1.7rem;\n  }\n}\n<\/style>\n\n<header class=\"site-header\">\n  <div class=\"container nav-wrap\">\n    <a class=\"brand\" href=\"#accueil\">\n      <img decoding=\"async\" class=\"brand-logo\" src=\"\/wp-content\/uploads\/2026\/08\/Logo-CLS-horizontal.png\" alt=\"Concertation Logement Sherbrooke\">\n\n      <span class=\"brand-subtitle\">\n        Pour un logement accessible, abordable et digne pour tous\n      <\/span>\n    <\/a>\n\n    <nav class=\"nav\" aria-label=\"Navigation principale\">\n      <a href=\"#mission\">Mission<\/a>\n      <a href=\"#mandats\">Mandats<\/a>\n      <a href=\"#historique\">Historique<\/a>\n      <a href=\"#membres\">Membres<\/a>\n      <a href=\"#plan-action\">Plan d\u2019action<\/a>\n      <a href=\"#documents\">Documents<\/a>\n      <a href=\"#contact\">Contact<\/a>\n    <\/nav>\n  <\/div>\n<\/header>\n\n<section id=\"accueil\" class=\"hero\">\n  <div class=\"container hero-grid\">\n    <div>\n      <h1>Agir ensemble pour un logement plus accessible \u00e0 Sherbrooke<\/h1>\n\n      <p>\n        La Concertation Logement Sherbrooke regroupe des organisations\n        institutionnelles, publiques et communautaires qui \u0153uvrent au\n        d\u00e9veloppement du logement social et communautaire \u00e0 Sherbrooke.\n      <\/p>\n\n      <div class=\"hero-actions\">\n        <a href=\"#mission\" class=\"btn\">D\u00e9couvrir notre mission<\/a>\n        <a href=\"#contact\" class=\"btn btn-outline\">Nous joindre<\/a>\n      <\/div>\n    <\/div>\n\n    <div class=\"hero-card\">\n      <div class=\"hero-stats\">\n        <div class=\"stat-box\">\n          <div class=\"stat-number\">3 510<\/div>\n          <div class=\"stat-label\">\n            Unit\u00e9s de logement social \u00e0 Sherbrooke\n          <\/div>\n        <\/div>\n\n        <div class=\"stat-box\">\n          <div class=\"stat-number\">2 527<\/div>\n          <div class=\"stat-label\">\n            Demandes en attente (2024)\n          <\/div>\n        <\/div>\n\n        <div class=\"stat-box\">\n          <div class=\"stat-number\">9<\/div>\n          <div class=\"stat-label\">\n            Organisations membres\n          <\/div>\n        <\/div>\n      <\/div>\n    <\/div>\n  <\/div>\n<\/section>\n\n<section id=\"mission\" class=\"section\">\n  <div class=\"container\">\n    <h2 class=\"section-title\">Notre Mission<\/h2>\n\n    <div class=\"card mission-box\">\n      Am\u00e9liorer la situation du logement \u00e0 Sherbrooke et plus\n      particuli\u00e8rement celle des personnes en situation de pauvret\u00e9\n      et d\u2019exclusion sociale ainsi que de toute personne touch\u00e9e\n      par les enjeux du logement.\n    <\/div>\n  <\/div>\n<\/section>\n\n<section id=\"mandats\" class=\"section section-alt\">\n  <div class=\"container\">\n    <h2 class=\"section-title\">Nos Mandats<\/h2>\n\n    <div class=\"mandats-grid\">\n      <div class=\"card mandat-item\">\n        <div class=\"mandat-number\">1<\/div>\n\n        <div class=\"mandat-text\">\n          Regrouper les acteurs concern\u00e9s par la probl\u00e9matique du logement\n          et \u00eatre un interlocuteur de choix aupr\u00e8s de la Ville de Sherbrooke.\n        <\/div>\n      <\/div>\n\n      <div class=\"card mandat-item\">\n        <div class=\"mandat-number\">2<\/div>\n\n        <div class=\"mandat-text\">\n          Assurer, par la concertation, l\u2019ad\u00e9quation du d\u00e9veloppement du\n          logement social et communautaire sur le territoire et des besoins\n          des communaut\u00e9s, et agir comme partenaire avec la Ville dans le\n          processus pouvant mener \u00e0 l\u2019\u00e9laboration d\u2019une politique d\u2019habitation.\n        <\/div>\n      <\/div>\n\n      <div class=\"card mandat-item\">\n        <div class=\"mandat-number\">3<\/div>\n\n        <div class=\"mandat-text\">\n          Promouvoir une vision du d\u00e9veloppement du logement social et\n          communautaire qui s\u2019inscrit dans une perspective plus large de\n          l\u2019habitation : l\u2019habitation qui s\u2019int\u00e8gre dans une vie de quartier,\n          qui favorise l\u2019int\u00e9gration sociale et o\u00f9 l\u2019on retrouve diff\u00e9rentes\n          tenures de logements.\n        <\/div>\n      <\/div>\n\n      <div class=\"card mandat-item\">\n        <div class=\"mandat-number\">4<\/div>\n\n        <div class=\"mandat-text\">\n          Jouer un r\u00f4le de \u00ab veille \u00bb sur la situation du logement \u00e0 Sherbrooke,\n          incluant la cueillette d\u2019informations, l\u2019analyse des besoins,\n          la mise \u00e0 jour des donn\u00e9es, les sources de financement ainsi que\n          le suivi des travaux ou chantiers en cours.\n        <\/div>\n      <\/div>\n    <\/div>\n  <\/div>\n<\/section>\n\n<section id=\"historique\" class=\"section\">\n  <div class=\"container\">\n    <h2 class=\"section-title\">Notre Historique<\/h2>\n\n    <div class=\"timeline\">\n      <div class=\"card timeline-item\">\n        <div class=\"timeline-year\">2007<\/div>\n\n        <div>\n          Le Service d\u2019action communautaire du CSSS-IUGS r\u00e9alise une \u00e9tude\n          intitul\u00e9e \u00ab Portrait de la situation du logement \u00e0 Sherbrooke\n          et pistes d\u2019action \u00bb.\n\n          Une vingtaine d\u2019organisations se mobilisent et donnent naissance\n          \u00e0 la Coalition sur le logement \u00e0 Sherbrooke.\n        <\/div>\n      <\/div>\n\n      <div class=\"card timeline-item\">\n        <div class=\"timeline-year\">2007-2010<\/div>\n\n        <div class=\"timeline-subtitle\">\n          R\u00e9alisations majeures :\n        <\/div>\n\n        <ul>\n          <li>\n            Augmentation significative du nombre de logements sociaux\n            et communautaires (100 unit\u00e9s par ann\u00e9e).\n          <\/li>\n\n          <li>\n            Engagement politique et financier du conseil municipal\n            de la Ville de Sherbrooke.\n          <\/li>\n\n          <li>\n            Adoption d\u2019un code du logement visant \u00e0 contrer\n            les probl\u00e8mes d\u2019insalubrit\u00e9.\n          <\/li>\n\n          <li>\n            Planification concert\u00e9e des projets d\u2019habitations\n            sociales et communautaires.\n          <\/li>\n        <\/ul>\n      <\/div>\n\n      <div class=\"card timeline-item\">\n        <div class=\"timeline-year\">2010<\/div>\n\n        <div>\n          L\u2019assembl\u00e9e des partenaires d\u00e9cide de transformer la coalition\n          en une concertation permanente sur le logement \u00e0 Sherbrooke.\n        <\/div>\n      <\/div>\n\n      <div class=\"card timeline-item\">\n        <div class=\"timeline-year\">2023-2026<\/div>\n\n        <div>\n          Mise en \u0153uvre du plan d\u2019action triennal pour r\u00e9pondre \u00e0 la crise\n          du logement et d\u00e9velopper l\u2019offre de logements sociaux\n          et communautaires.\n        <\/div>\n      <\/div>\n    <\/div>\n  <\/div>\n<\/section>\n\n<section id=\"membres\" class=\"section section-alt\">\n  <div class=\"container\">\n    <h2 class=\"section-title\">Nos Membres<\/h2>\n\n    <div class=\"members-grid\">\n      <a class=\"card member-card\" href=\"https:\/\/www.cooperativehabitation.coop\/\" target=\"_blank\" rel=\"noopener noreferrer\">\n        <div class=\"member-logo-wrap\">\n          <img decoding=\"async\" class=\"member-logo\" src=\"\/wp-content\/uploads\/2026\/08\/fche.webp\" alt=\"F\u00e9d\u00e9ration des coop\u00e9ratives d\u2019habitation de l\u2019Estrie\" loading=\"lazy\">\n        <\/div>\n\n        <h3>La F\u00e9d\u00e9ration des coop\u00e9ratives d\u2019habitation de l\u2019Estrie<\/h3>\n\n        <p>\n          Partenaire engag\u00e9 en habitation coop\u00e9rative et communautaire.\n        <\/p>\n\n        <span class=\"member-link-text\">Visiter le site \u2192<\/span>\n      <\/a>\n<!-- AJOUTE LE NOUVEAU PARTENAIRE ICI -->\n<a class=\"card member-card\" href=\"https:\/\/www.chce.coop\/\" target=\"_blank\" rel=\"noopener noreferrer\">\n  <div class=\"member-logo-wrap\">\n    <img decoding=\"async\" class=\"member-logo\" src=\"\/wp-content\/uploads\/2026\/08\/chce.webp\" alt=\"Coop\u00e9rative d'habitation des Cantons de l'Est\" loading=\"lazy\">\n  <\/div>\n\n  <h3>Coop\u00e9rative d&rsquo;habitation des Cantons de l&rsquo;Est<\/h3>\n\n  <p>\n    Partenaire engag\u00e9 dans le d\u00e9veloppement et la gestion de l\u2019habitation coop\u00e9rative.\n  <\/p>\n\n  <span class=\"member-link-text\">Visiter le site \u2192<\/span>\n<\/a>\n      <a class=\"card member-card\" href=\"https:\/\/omhsherbrooke.qc.ca\/\" target=\"_blank\" rel=\"noopener noreferrer\">\n        <div class=\"member-logo-wrap\">\n          <img decoding=\"async\" class=\"member-logo\" src=\"\/wp-content\/uploads\/2026\/08\/omhs.webp\" alt=\"Office municipal d\u2019habitation de Sherbrooke\" loading=\"lazy\">\n        <\/div>\n\n        <h3>L\u2019Office municipal d\u2019habitation de Sherbrooke<\/h3>\n\n        <p>\n          Acteur cl\u00e9 du logement social et abordable \u00e0 Sherbrooke.\n        <\/p>\n\n        <span class=\"member-link-text\">Visiter le site \u2192<\/span>\n      <\/a>\n\n      <a class=\"card member-card\" href=\"https:\/\/habitationslequerre.com\/\" target=\"_blank\" rel=\"noopener noreferrer\">\n        <div class=\"member-logo-wrap\">\n          <img decoding=\"async\" class=\"member-logo\" src=\"\/wp-content\/uploads\/2026\/08\/habitations-lequerre.webp\" alt=\"Les Habitations L\u2019\u00c9querre\" loading=\"lazy\">\n        <\/div>\n\n        <h3>Les Habitations L\u2019\u00c9querre<\/h3>\n\n        <p>\n          Initiatives en habitation r\u00e9pondant \u00e0 des besoins concrets du milieu.\n        <\/p>\n\n        <span class=\"member-link-text\">Visiter le site \u2192<\/span>\n      <\/a>\n\n      <a class=\"card member-card\" href=\"https:\/\/www.facebook.com\/tableitinerancesherbrooke\" target=\"_blank\" rel=\"noopener noreferrer\">\n        <div class=\"member-logo-wrap\">\n          <img decoding=\"async\" class=\"member-logo\" src=\"\/wp-content\/uploads\/2026\/08\/Table-Itinerance-Sherbrooke_transparent.png\" alt=\"Table de concertation sur l\u2019itin\u00e9rance de Sherbrooke\" loading=\"lazy\">\n        <\/div>\n\n        <h3>La Table de concertation sur l\u2019itin\u00e9rance de Sherbrooke<\/h3>\n\n        <p>\n          Concertation autour des r\u00e9alit\u00e9s de l\u2019itin\u00e9rance et du logement.\n        <\/p>\n\n        <span class=\"member-link-text\">Visiter le site \u2192<\/span>\n      <\/a>\n\n      <a class=\"card member-card\" href=\"https:\/\/www.facebook.com\/profile.php?id=61551897628814\" target=\"_blank\" rel=\"noopener noreferrer\">\n        <div class=\"member-logo-wrap\">\n          <img decoding=\"async\" class=\"member-logo\" src=\"\/wp-content\/uploads\/2026\/08\/entraide-habitat-estrie.webp\" alt=\"GRT Entraide Habitat Estrie\" loading=\"lazy\">\n        <\/div>\n\n        <h3>Le GRT Entraide Habitat Estrie<\/h3>\n\n        <p>\n          Accompagnement de projets d\u2019habitation sociale et communautaire.\n        <\/p>\n\n        <span class=\"member-link-text\">Visiter le site \u2192<\/span>\n      <\/a>\n\n      <a class=\"card member-card\" href=\"https:\/\/www.sherbrooke.ca\/\" target=\"_blank\" rel=\"noopener noreferrer\">\n        <div class=\"member-logo-wrap\">\n          <img decoding=\"async\" class=\"member-logo\" src=\"\/wp-content\/uploads\/2026\/08\/signature-officielle-bleu-margedeprotection-2022.jpg\" alt=\"Ville de Sherbrooke\" loading=\"lazy\">\n        <\/div>\n\n        <h3>La Ville de Sherbrooke<\/h3>\n\n        <p>\n          Service du d\u00e9veloppement strat\u00e9gique du territoire et engagement municipal.\n        <\/p>\n\n        <span class=\"member-link-text\">Visiter le site \u2192<\/span>\n      <\/a>\n\n      <a class=\"card member-card\" href=\"https:\/\/www.frohme.org\/\" target=\"_blank\" rel=\"noopener noreferrer\">\n        <div class=\"member-logo-wrap\">\n          <img decoding=\"async\" class=\"member-logo\" src=\"\/wp-content\/uploads\/2026\/08\/frohme.webp\" alt=\"F\u00e9d\u00e9ration r\u00e9gionale des OSBL d\u2019habitation de la Mont\u00e9r\u00e9gie et de l\u2019Estrie\" loading=\"lazy\">\n        <\/div>\n\n        <h3>\n          La F\u00e9d\u00e9ration r\u00e9gionale des OSBL d\u2019habitation de la Mont\u00e9r\u00e9gie et de l\u2019Estrie\n        <\/h3>\n\n        <p>\n          Repr\u00e9sentation et soutien des organismes \u00e0 but non lucratif en habitation.\n        <\/p>\n\n        <span class=\"member-link-text\">Visiter le site \u2192<\/span>\n      <\/a>\n\n      <a class=\"card member-card\" href=\"https:\/\/www.santeestrie.qc.ca\/\" target=\"_blank\" rel=\"noopener noreferrer\">\n        <div class=\"member-logo-wrap\">\n          <img decoding=\"async\" class=\"member-logo\" src=\"\/wp-content\/uploads\/2026\/08\/CIUSSS.jpg\" alt=\"CIUSSS de l\u2019Estrie-CHUS\" loading=\"lazy\">\n        <\/div>\n\n        <h3>Le CIUSSS de l\u2019Estrie-CHUS<\/h3>\n\n        <p>\n          Service d\u2019organisation communautaire, sant\u00e9 publique et soutien au milieu.\n        <\/p>\n\n        <span class=\"member-link-text\">Visiter le site \u2192<\/span>\n      <\/a>\n\n      <a class=\"card member-card\" href=\"https:\/\/tcjs.ca\/\" target=\"_blank\" rel=\"noopener noreferrer\">\n        <div class=\"member-logo-wrap\">\n          <img decoding=\"async\" class=\"member-logo\" src=\"\/wp-content\/uploads\/2026\/08\/TCJS_logo_horizontal_vert-1024x416-1.jpg\" alt=\"Table de concertation jeunesse de Sherbrooke\" loading=\"lazy\">\n        <\/div>\n\n        <h3>La Table de concertation jeunesse de Sherbrooke<\/h3>\n\n        <p>\n          Implication dans les enjeux touchant les jeunes et leur acc\u00e8s\n          \u00e0 un milieu de vie stable.\n        <\/p>\n\n        <span class=\"member-link-text\">Visiter le site \u2192<\/span>\n      <\/a>\n    <\/div>\n  <\/div>\n<\/section>\n\n<section id=\"plan-action\" class=\"section\">\n  <div class=\"container\">\n    <h2 class=\"section-title\">Plan d\u2019Action 2023-2026<\/h2>\n\n    <div class=\"plan-grid\">\n      <div class=\"card plan-card\">\n        <h3>Axes prioritaires<\/h3>\n\n        <ul>\n          <li>\n            <strong>Mobilisation :<\/strong>\n            Regrouper et mobiliser les acteurs concern\u00e9s.\n          <\/li>\n\n          <li>\n            <strong>D\u00e9veloppement :<\/strong>\n            Assurer l\u2019ad\u00e9quation entre l\u2019offre et les besoins.\n          <\/li>\n\n          <li>\n            <strong>Vision :<\/strong>\n            Promouvoir une approche globale de l\u2019habitation.\n          <\/li>\n\n          <li>\n            <strong>Veille :<\/strong>\n            Documenter et analyser la situation du logement.\n          <\/li>\n        <\/ul>\n      <\/div>\n\n      <div class=\"card plan-card\">\n        <h3>Activit\u00e9s cl\u00e9s<\/h3>\n\n        <ul>\n          <li>Assembl\u00e9e annuelle des partenaires.<\/li>\n\n          <li>\n            \u00c9laboration d\u2019une d\u00e9finition locale de l\u2019abordabilit\u00e9 r\u00e9sidentielle.\n          <\/li>\n\n          <li>\n            Strat\u00e9gie collective de d\u00e9veloppement des projets.\n          <\/li>\n\n          <li>\n            Partage des bonnes pratiques et projets novateurs.\n          <\/li>\n\n          <li>\n            Portrait du logement social et communautaire.\n          <\/li>\n\n          <li>\n            Contribution \u00e0 l\u2019\u00e9laboration de la politique municipale sur l\u2019habitation.\n          <\/li>\n        <\/ul>\n      <\/div>\n    <\/div>\n  <\/div>\n<\/section>\n\n<section id=\"documents\" class=\"section section-alt\">\n  <div class=\"container\">\n    <h2 class=\"section-title\">Documents PDF<\/h2>\n\n    <div class=\"card documents-coming\">\n      <strong>Documents \u00e0 venir<\/strong>\n\n      <span>\n        Les publications et documents PDF seront ajout\u00e9s prochainement.\n      <\/span>\n    <\/div>\n  <\/div>\n<\/section>\n\n<section class=\"quote-section\">\n  <div class=\"container\">\n    <h2>Un Enjeu Urgent<\/h2>\n\n    <p>\n      Face \u00e0 une crise du logement qui s\u2019amplifie, la Concertation Logement\n      Sherbrooke travaille \u00e0 d\u00e9velopper des solutions durables pour garantir\n      l\u2019acc\u00e8s \u00e0 un logement d\u00e9cent, abordable et adapt\u00e9 aux besoins de toutes\n      les Sherbrookoises et de tous les Sherbrookois.\n    <\/p>\n\n    <div class=\"quote-text\">\n      \u00ab Un logement n\u2019est pas qu\u2019un toit. Avoir un logement est un droit humain. \u00bb\n    <\/div>\n\n    <div class=\"quote-source\">\u2014 ONU-Habitat<\/div>\n  <\/div>\n<\/section>\n\n<section id=\"contact\" class=\"section\">\n  <div class=\"container\">\n    <h2 class=\"section-title\">Contact<\/h2>\n\n    <div class=\"contact-grid\">\n      <div class=\"card contact-card\">\n        <div class=\"contact-list\">\n          <div class=\"contact-item\">\n            <h3>Courriel<\/h3>\n\n            <p>\n              <a href=\"mailto:info@concertationlogement.org\">\n                info@concertationlogement.org\n              <\/a>\n            <\/p>\n          <\/div>\n        <\/div>\n      <\/div>\n\n      <div class=\"card form-card\">\n        <form class=\"contact-form\" action=\"#\" method=\"post\">\n          <div>\n            <label for=\"name\">Nom<\/label>\n            <input type=\"text\" id=\"name\" name=\"name\" placeholder=\"Votre nom\" required=\"\">\n          <\/div>\n\n          <div>\n            <label for=\"email\">Courriel<\/label>\n            <input type=\"email\" id=\"email\" name=\"email\" placeholder=\"Votre courriel\" required=\"\">\n          <\/div>\n\n          <div>\n            <label for=\"subject\">Sujet<\/label>\n            <input type=\"text\" id=\"subject\" name=\"subject\" placeholder=\"Sujet de votre message\">\n          <\/div>\n\n          <div>\n            <label for=\"message\">Message<\/label>\n            <textarea id=\"message\" name=\"message\" placeholder=\"\u00c9crivez votre message ici...\" required=\"\"><\/textarea>\n          <\/div>\n\n          <div>\n            <button type=\"submit\" class=\"btn\">Envoyer<\/button>\n          <\/div>\n        <\/form>\n      <\/div>\n    <\/div>\n  <\/div>\n<\/section>\n\n<footer class=\"site-footer\">\n  <div class=\"container\">\n    <div class=\"footer-grid\">\n      <div>\n        <h3 class=\"footer-title\">\n          Concertation Logement Sherbrooke\n        <\/h3>\n\n        <p class=\"footer-text\">\n          Pour un logement accessible, abordable et digne pour tous.\n        <\/p>\n      <\/div>\n\n      <div>\n        <h3 class=\"footer-title\">Navigation<\/h3>\n\n        <div class=\"footer-links\">\n          <a href=\"#mission\">Mission<\/a>\n          <a href=\"#mandats\">Mandats<\/a>\n          <a href=\"#historique\">Historique<\/a>\n          <a href=\"#membres\">Membres<\/a>\n          <a href=\"#plan-action\">Plan d\u2019action<\/a>\n          <a href=\"#documents\">Documents<\/a>\n          <a href=\"#contact\">Contact<\/a>\n        <\/div>\n      <\/div>\n\n      <div>\n        <h3 class=\"footer-title\">Coordonn\u00e9es<\/h3>\n\n        <div class=\"footer-links\">\n          <a href=\"mailto:info@concertationlogement.org\">\n            info@concertationlogement.org\n          <\/a>\n        <\/div>\n      <\/div>\n    <\/div>\n\n    <div class=\"copyright\">\n      \u00a9 2026 Concertation Logement Sherbrooke \u2014 Tous droits r\u00e9serv\u00e9s\n    <\/div>\n  <\/div>\n<\/footer>\n","protected":false},"excerpt":{"rendered":"<p>Pour un logement accessible, abordable et digne pour tous Mission Mandats Historique Membres Plan d\u2019action Documents Contact Agir ensemble pour un logement plus accessible \u00e0 Sherbrooke La Concertation Logement Sherbrooke regroupe des organisations institutionnelles, publiques et communautaires qui \u0153uvrent au d\u00e9veloppement du logement social et communautaire \u00e0 Sherbrooke. D\u00e9couvrir notre mission Nous joindre 3 510 [&hellip;]<\/p>\n","protected":false},"author":1,"featured_media":0,"parent":0,"menu_order":0,"comment_status":"closed","ping_status":"closed","template":"","meta":{"footnotes":""},"class_list":["post-18","page","type-page","status-publish","hentry"],"_links":{"self":[{"href":"https:\/\/concertationlogement.org\/index.php\/wp-json\/wp\/v2\/pages\/18","targetHints":{"allow":["GET"]}}],"collection":[{"href":"https:\/\/concertationlogement.org\/index.php\/wp-json\/wp\/v2\/pages"}],"about":[{"href":"https:\/\/concertationlogement.org\/index.php\/wp-json\/wp\/v2\/types\/page"}],"author":[{"embeddable":true,"href":"https:\/\/concertationlogement.org\/index.php\/wp-json\/wp\/v2\/users\/1"}],"replies":[{"embeddable":true,"href":"https:\/\/concertationlogement.org\/index.php\/wp-json\/wp\/v2\/comments?post=18"}],"version-history":[{"count":24,"href":"https:\/\/concertationlogement.org\/index.php\/wp-json\/wp\/v2\/pages\/18\/revisions"}],"predecessor-version":[{"id":73,"href":"https:\/\/concertationlogement.org\/index.php\/wp-json\/wp\/v2\/pages\/18\/revisions\/73"}],"wp:attachment":[{"href":"https:\/\/concertationlogement.org\/index.php\/wp-json\/wp\/v2\/media?parent=18"}],"curies":[{"name":"wp","href":"https:\/\/api.w.org\/{rel}","templated":true}]}}